{"id":3099,"date":"2026-09-01T09:57:43","date_gmt":"2026-09-01T06:57:43","guid":{"rendered":"https:\/\/sataedu.fi\/yhteishaku\/?post_type=qualification&#038;p=3099"},"modified":"2026-09-01T14:09:56","modified_gmt":"2026-09-01T11:09:56","slug":"kasvatus-ja-ohjausalan-perustutkinto","status":"publish","type":"qualification","link":"https:\/\/sataedu.fi\/yhteishaku\/tutkinto\/kasvatus-ja-ohjausalan-perustutkinto\/","title":{"rendered":"Kasvatus- ja ohjausalan perustutkinto"},"content":{"rendered":"\n<div class=\"wp-block-cover alignfull has-custom-content-position is-position-bottom-center\" style=\"min-height:45rem;aspect-ratio:unset;\"><img loading=\"lazy\" decoding=\"async\" width=\"2048\" height=\"1365\" class=\"wp-block-cover__image-background wp-image-661\" alt=\"\" src=\"https:\/\/sataedu.fi\/yhteishaku\/wp-content\/uploads\/sites\/6\/2024\/10\/sataedu-yh2022-netti-2.jpg\" data-object-fit=\"cover\" srcset=\"https:\/\/sataedu.fi\/yhteishaku\/wp-content\/uploads\/sites\/6\/2024\/10\/sataedu-yh2022-netti-2.jpg 2048w, https:\/\/sataedu.fi\/yhteishaku\/wp-content\/uploads\/sites\/6\/2024\/10\/sataedu-yh2022-netti-2-500x333.jpg 500w, https:\/\/sataedu.fi\/yhteishaku\/wp-content\/uploads\/sites\/6\/2024\/10\/sataedu-yh2022-netti-2-730x487.jpg 730w, https:\/\/sataedu.fi\/yhteishaku\/wp-content\/uploads\/sites\/6\/2024\/10\/sataedu-yh2022-netti-2-768x512.jpg 768w, https:\/\/sataedu.fi\/yhteishaku\/wp-content\/uploads\/sites\/6\/2024\/10\/sataedu-yh2022-netti-2-1536x1024.jpg 1536w\" sizes=\"auto, (max-width: 2048px) 100vw, 2048px\" \/><span aria-hidden=\"true\" class=\"wp-block-cover__background has-background-dim-80 has-background-dim wp-block-cover__gradient-background has-background-gradient has-transparent-to-darker-blue-gradient-background\"><\/span><div class=\"wp-block-cover__inner-container is-layout-constrained wp-block-cover-is-layout-constrained\">\n<h1 class=\"wp-block-heading alignwide has-white-color has-text-color has-huge-font-size\" style=\"margin-bottom:var(--wp--preset--spacing--70)\">Kasvatus- ja ohjausalan perustutkinto<\/h1>\n<\/div><\/div>\n\n\n\n<h1 class=\"wp-block-heading\">Kasvatus- ja ohjausala<\/h1>\n\n\n\n<h2 class=\"wp-block-heading is-style-heading-graphics\">Lastenohjaaja<\/h2>\n\n\n\n<blockquote class=\"wp-block-quote is-layout-flow wp-block-quote-is-layout-flow\">\n<p class=\"wp-block-paragraph\">Ulvila<\/p>\n<\/blockquote>\n\n\n\n<h3 class=\"wp-block-heading\"><strong>Opiskele opetus- ja ohjausty\u00f6h\u00f6n<\/strong><\/h3>\n\n\n\n<p class=\"wp-block-paragraph\">Lastenohjaaja ty\u00f6skentelee lasten kasvun, oppimisen ja hyvinvoinnin tukena. Ty\u00f6paikkoina voivat olla esimerkiksi p\u00e4iv\u00e4kodit, esiopetusryhm\u00e4t, perhep\u00e4iv\u00e4hoito, avoin varhaiskasvatus sek\u00e4 seurakuntien lapsi- ja perhetoiminta. Ty\u00f6ss\u00e4 toimitaan my\u00f6s kouluik\u00e4isten lasten ja heid\u00e4n perheidens\u00e4 kanssa.<\/p>\n\n\n\n<p class=\"wp-block-paragraph\">Lastenohjaajan ty\u00f6 on monipuolista ja vastuullista. Ty\u00f6h\u00f6n kuuluu lasten ohjaamista, leikkien ja toimintojen suunnittelua, oppimisen tukemista sek\u00e4 lasten p\u00e4ivitt\u00e4isest\u00e4 hyvinvoinnista huolehtimista. Lastenohjaaja tekee yhteisty\u00f6t\u00e4 lasten, huoltajien ja muiden kasvatusalan ammattilaisten kanssa.<\/p>\n\n\n\n<h3 class=\"wp-block-heading\"><strong>Ty\u00f6paikkoina voivat olla esimerkiksi<\/strong><\/h3>\n\n\n\n<ul class=\"wp-block-list\">\n<li>p\u00e4iv\u00e4kodit<\/li>\n\n\n\n<li>esiopetusryhm\u00e4t<\/li>\n\n\n\n<li>perhep\u00e4iv\u00e4hoito<\/li>\n\n\n\n<li>avoin varhaiskasvatus<\/li>\n\n\n\n<li>seurakuntien lapsi- ja perhetoiminta<\/li>\n\n\n\n<li>iltap\u00e4iv\u00e4toiminta ja muut lasten kerhot.<\/li>\n<\/ul>\n\n\n\n<p class=\"wp-block-paragraph\">Lastenohjaajan koulutus antaa valmiudet ty\u00f6skennell\u00e4 varhaiskasvatuksen lastenhoitajana sek\u00e4 erilaisissa lasten ja perheiden ohjaus- ja kasvatusteht\u00e4viss\u00e4.<\/p>\n\n\n\n<p class=\"wp-block-paragraph\">Ty\u00f6ss\u00e4 tarvitaan vastuullisuutta, yhteisty\u00f6taitoja, k\u00e4rsiv\u00e4llisyytt\u00e4, luovuutta sek\u00e4 aitoa kiinnostusta lasten kanssa ty\u00f6skentelyyn. Lastenohjaajan ty\u00f6 sopii sinulle, jos pid\u00e4t ihmisten kohtaamisesta ja haluat olla tukemassa lasten kasvua, oppimista ja arkea.<\/p>\n\n\n\n<div class=\"wp-block-cover alignfull is-light is-style-corner-graphics\" style=\"min-height:1012px;aspect-ratio:unset;\"><span aria-hidden=\"true\" class=\"wp-block-cover__background has-light-blue-background-color has-background-dim-100 has-background-dim\"><\/span><div class=\"wp-block-cover__inner-container is-layout-flow wp-block-cover-is-layout-flow\">\n<h2 class=\"wp-block-heading alignwide is-style-default has-large-font-size\">Tietoa <strong>tutkinnosta<\/strong><\/h2>\n\n\n\n<div class=\"wp-block-columns is-layout-flex wp-container-core-columns-is-layout-7387b849 wp-block-columns-is-layout-flex\">\n<div class=\"wp-block-column is-layout-flow wp-block-column-is-layout-flow\">\n<h3 class=\"wp-block-heading\">Kustannukset<\/h3>\n\n\n\n<p class=\"wp-block-paragraph\">Peruskoulun p\u00e4\u00e4tt\u00e4ville nuorille\/oppivelvollisille opiskelu on kokonaisuudessaan maksutonta. Opetus on kaikille maksutonta.\u202f&nbsp;<\/p>\n\n\n\n<p class=\"wp-block-paragraph\">Muille opiskelijoille kustannuksia opintojen aikana syntyy mm. ty\u00f6kenkien hankinnasta ja korttimaksuista (hygieniapassi, SosTer -turvakortti).<\/p>\n\n\n\n<h3 class=\"wp-block-heading\">Soveltuvuuskokeet<strong>&nbsp;<\/strong><\/h3>\n\n\n\n<p class=\"wp-block-paragraph\">Kaikki kasvatus- ja ohjausalan perustutkintoon hakeneet kutsutaan soveltuvuuskokeeseen. Hakija ei voi tulla valituksi koulutukseen, jos ei ole osallistunut soveltuvuuskokeeseen.\u00a0\u00a0<\/p>\n\n\n\n<p class=\"wp-block-paragraph\">Tutkinnon kielitaitotasovaatimus on B1.2. Mik\u00e4li hakijan \u00e4idinkieli on muu kuin suomi, hakemuksen liitteeksi pit\u00e4\u00e4 laittaa todistus kielitaidosta. Jos hakijalla ei ole esitt\u00e4\u00e4 todistusta kielitaidosta, h\u00e4net kutsutaan kielitaitokokeeseen.\u202f&nbsp;<\/p>\n\n\n\n<p class=\"wp-block-paragraph\">Soveltuvuuskokeessa hakija tekee kirjallisia teht\u00e4vi\u00e4 ja osallistuu psykologin yksil\u00f6lliseen haastatteluun.&nbsp;<\/p>\n\n\n\n<p class=\"wp-block-paragraph\">Hakija voi saada 0\u201310 pistett\u00e4 soveltuvuuskokeesta.\u202fT\u00e4m\u00e4 pistem\u00e4\u00e4r\u00e4 lis\u00e4t\u00e4\u00e4n hakijan muihin hakupisteisiin. Hakija, joka saa soveltuvuuskokeesta 0 pistett\u00e4, ei voi tulla valituksi koulutukseen.&nbsp;<\/p>\n\n\n\n<p class=\"wp-block-paragraph\">Soveltuvuuskoe on maksuton ja kest\u00e4\u00e4 koko p\u00e4iv\u00e4n. Soveltuvuuskokeen toteuttaa Psykologipalvelut Marjut Serguskin yhteisty\u00f6ss\u00e4 Sataedun kanssa.&nbsp;<\/p>\n\n\n\n<p class=\"wp-block-paragraph\">Soveltuvuuskokeissa noudatetaan Opetushallituksen ehdottamaa valintaryhm\u00e4kohtaista arviointitapaa. Arvioinnin kohteena ovat:&nbsp;<\/p>\n\n\n\n<ul class=\"wp-block-list\">\n<li>Aloitteellisuus ja vastuullisuus (asteikko 0-3)&nbsp;<\/li>\n<\/ul>\n\n\n\n<ul class=\"wp-block-list\">\n<li>Sosiaalisuus ja itsens\u00e4 ilmaiseminen (asteikko 0-4)&nbsp;<\/li>\n<\/ul>\n\n\n\n<ul class=\"wp-block-list\">\n<li>Ongelmanratkaisutaito (asteikko 0-3)&nbsp;<\/li>\n<\/ul>\n\n\n\n<h4 class=\"wp-block-heading\"><strong>Soveltuvuuskokeet toukokuussa 202<\/strong>7<\/h4>\n\n\n\n<ul class=\"wp-block-list\">\n<li>Ulvila 28.4.2026<\/li>\n<\/ul>\n<\/div>\n\n\n\n<div class=\"wp-block-column is-layout-flow wp-block-column-is-layout-flow\">\n<h2 class=\"wp-block-heading\">Tutkinnon muodostuminen<\/h2>\n\n\n\n<p class=\"wp-block-paragraph\">Koko tutkinnon laajuus on 180 osaamispistett\u00e4 (osp)<\/p>\n\n\n\n<h3 id=\"pakolliset-tutkinnon-osat\" class=\"wp-block-heading\">Pakolliset tutkinnon osat<\/h3>\n\n\n\n<ul class=\"wp-block-list\">\n<li><\/li>\n<\/ul>\n\n\n\n<h4 class=\"wp-block-heading\">Osaamisalat<\/h4>\n\n\n\n<ul class=\"wp-block-list\">\n<li><\/li>\n<\/ul>\n\n\n\n<p class=\"wp-block-paragraph\"><\/p>\n\n\n\n<h3 class=\"wp-block-heading\">Valinnaiset tutkinnon osat <\/h3>\n\n\n\n<ul class=\"wp-block-list\">\n<li><\/li>\n<\/ul>\n\n\n\n<h3 class=\"wp-block-heading\">Yto-opinnot, 35 osp<\/h3>\n\n\n\n<ul class=\"wp-block-list\">\n<li>Viestint\u00e4- ja vuorovaikutusosaamisen laajuus on v\u00e4hint\u00e4\u00e4n 11 osaamispistett\u00e4 (esimerkiksi \u00e4idinkieli, englanti, ruotsi)<\/li>\n\n\n\n<li>Matemaattis-luonnontieteellisen osaamisen laajuus on v\u00e4hint\u00e4\u00e4n 6 osaamispistett\u00e4 (esimerkiksi matematiikka, fysiikka ja kemia)&nbsp;<\/li>\n\n\n\n<li>Yhteiskunta- ja ty\u00f6el\u00e4m\u00e4osaamisen (esimerkiksi liikunta, terveystieto, yritt\u00e4jyys ja kest\u00e4v\u00e4 kehitys) laajuus on v\u00e4hint\u00e4\u00e4n 9 osaamispistett\u00e4<\/li>\n\n\n\n<li>N\u00e4iden lis\u00e4ksi opiskelija valitsee yto-valinnaisia yhteens\u00e4 9 osp<\/li>\n<\/ul>\n<\/div>\n<\/div>\n\n\n\n<div class=\"wp-block-columns is-layout-flex wp-container-core-columns-is-layout-7387b849 wp-block-columns-is-layout-flex\"><\/div>\n<\/div><\/div>\n\n\n\n<div class=\"wp-block-cover alignfull is-light\" style=\"min-height:50px;aspect-ratio:unset;\"><span aria-hidden=\"true\" class=\"wp-block-cover__background has-light-blue-background-color has-background-dim-100 has-background-dim\"><\/span><div class=\"wp-block-cover__inner-container is-layout-constrained wp-block-cover-is-layout-constrained\">\n<h2 class=\"wp-block-heading\">Hae opiskelemaan lastenohjaajaksi<\/h2>\n\n\n\n<div class=\"wp-block-buttons is-layout-flex wp-block-buttons-is-layout-flex\">\n<div class=\"wp-block-button\"><a class=\"wp-block-button__link wp-element-button\">Hae opintopolussa (linkki tulossa t\u00e4h\u00e4n)<\/a><\/div>\n<\/div>\n<\/div><\/div>\n\n\n\n\n\n<div class=\"wp-block-cover alignfull is-light is-style-corner-graphics\" style=\"min-height:1012px;aspect-ratio:unset;\"><span aria-hidden=\"true\" class=\"wp-block-cover__background has-light-blue-background-color has-background-dim-100 has-background-dim\"><\/span><div class=\"wp-block-cover__inner-container is-layout-flow wp-block-cover-is-layout-flow\">\n<h2 class=\"wp-block-heading alignwide is-style-default has-large-font-size\">Tietoa <strong>tutkinnosta<\/strong><\/h2>\n\n\n\n<div class=\"wp-block-columns is-layout-flex wp-container-core-columns-is-layout-07579d57 wp-block-columns-is-layout-flex\">\n<div class=\"wp-block-column is-layout-flow wp-block-column-is-layout-flow\">\n<h3 class=\"wp-block-heading\">Koulutus paikkakunnittain<\/h3>\n\n\n\n<p class=\"wp-block-paragraph\">T\u00e4h\u00e4n voi lis\u00e4t\u00e4 esimerkiksi tietoa tutkinnosta paikkakunnittain. T\u00e4h\u00e4n voi lis\u00e4t\u00e4 esimerkiksi tietoa tutkinnosta paikkakunnittain. T\u00e4h\u00e4n voi lis\u00e4t\u00e4 esimerkiksi tietoa tutkinnosta paikkakunnittain. T\u00e4h\u00e4n voi lis\u00e4t\u00e4 esimerkiksi tietoa tutkinnosta paikkakunnittain.<\/p>\n\n\n\n<h3 class=\"wp-block-heading\">Kustannukset<\/h3>\n\n\n\n<p class=\"wp-block-paragraph\">T\u00e4h\u00e4n voi lis\u00e4t\u00e4 esimerkiksi tietoa tutkinnon kustannuksista. T\u00e4h\u00e4n voi lis\u00e4t\u00e4 esimerkiksi tietoa tutkinnon kustannuksista. T\u00e4h\u00e4n voi lis\u00e4t\u00e4 esimerkiksi tietoa tutkinnon kustannuksista. T\u00e4h\u00e4n voi lis\u00e4t\u00e4 esimerkiksi tietoa tutkinnon kustannuksista.<\/p>\n<\/div>\n\n\n\n<div class=\"wp-block-column is-layout-flow wp-block-column-is-layout-flow\">\n<h3 class=\"wp-block-heading\">Ty\u00f6teht\u00e4v\u00e4t<\/h3>\n\n\n\n<p class=\"wp-block-paragraph\">T\u00e4h\u00e4n voi lis\u00e4t\u00e4 esimerkiksi tietoa tutkinnon eri ty\u00f6teht\u00e4vist\u00e4. T\u00e4h\u00e4n voi lis\u00e4t\u00e4 esimerkiksi tietoa tutkinnon eri ty\u00f6teht\u00e4vist\u00e4. T\u00e4h\u00e4n voi lis\u00e4t\u00e4 esimerkiksi tietoa tutkinnon eri ty\u00f6teht\u00e4vist\u00e4. T\u00e4h\u00e4n voi lis\u00e4t\u00e4 esimerkiksi tietoa tutkinnon eri ty\u00f6teht\u00e4vist\u00e4.<\/p>\n\n\n\n<h2 class=\"wp-block-heading\">Tutkinnon muodostuminen<\/h2>\n\n\n\n<p class=\"wp-block-paragraph\">T\u00e4h\u00e4n voi lis\u00e4t\u00e4 esimerkiksi tietoa tutkinnon muodostumisesta ja osaamispisteist\u00e4. T\u00e4h\u00e4n voi lis\u00e4t\u00e4 esimerkiksi tietoa tutkinnon muodostumisesta ja osaamispisteist\u00e4. T\u00e4h\u00e4n voi lis\u00e4t\u00e4 esimerkiksi tietoa tutkinnon muodostumisesta ja osaamispisteist\u00e4.<\/p>\n\n\n\n<h3 class=\"wp-block-heading\">Pakolliset tutkinnon osat, 85 osp<\/h3>\n\n\n\n<p class=\"wp-block-paragraph\">T\u00e4h\u00e4n voi lis\u00e4t\u00e4 esimerkiksi tietoa tutkinnon pakollisista osista.<\/p>\n\n\n\n<h3 class=\"wp-block-heading\">Valinnaiset tutkinnon osat, 60 osp, esimerkiksi<\/h3>\n\n\n\n<p class=\"wp-block-paragraph\">T\u00e4h\u00e4n voi lis\u00e4t\u00e4 esimerkiksi tietoa tutkinnon valinnalisista osista.<\/p>\n<\/div>\n<\/div>\n<\/div><\/div>\n\n\n\n<h2 class=\"wp-block-heading\">Lis\u00e4\u00e4 tietoa tutkinnosta<\/h2>\n\n\n\n<p class=\"wp-block-paragraph\">Tarvittaessa lis\u00e4\u00e4 tietoa tutkinnosta voi lis\u00e4t\u00e4 vaikkapa t\u00e4h\u00e4n. Tarvittaessa lis\u00e4\u00e4 tietoa tutkinnosta voi lis\u00e4t\u00e4 vaikkapa t\u00e4h\u00e4n. Tarvittaessa lis\u00e4\u00e4 tietoa tutkinnosta voi lis\u00e4t\u00e4 vaikkapa t\u00e4h\u00e4n. Tarvittaessa lis\u00e4\u00e4 tietoa tutkinnosta voi lis\u00e4t\u00e4 vaikkapa t\u00e4h\u00e4n.<\/p>\n\n\n\n<h2 class=\"wp-block-heading\">Viel\u00e4 lis\u00e4\u00e4 tietoa tutkinnosta<\/h2>\n\n\n\n<p class=\"wp-block-paragraph\">Tarvittaessa vie\u00e4l\u00e4kin lis\u00e4\u00e4 tietoa tutkinnosta voi lis\u00e4t\u00e4 vaikkapa t\u00e4h\u00e4n. Tarvittaessa vie\u00e4l\u00e4kin lis\u00e4\u00e4 tietoa tutkinnosta voi lis\u00e4t\u00e4 vaikkapa t\u00e4h\u00e4n. Tarvittaessa vie\u00e4l\u00e4kin lis\u00e4\u00e4 tietoa tutkinnosta voi lis\u00e4t\u00e4 vaikkapa t\u00e4h\u00e4n. Tarvittaessa vie\u00e4l\u00e4kin lis\u00e4\u00e4 tietoa tutkinnosta voi lis\u00e4t\u00e4 vaikkapa t\u00e4h\u00e4n.<\/p>\n\n\n\n<figure class=\"wp-block-gallery alignwide has-nested-images columns-default is-cropped wp-block-gallery-1 is-layout-flex wp-block-gallery-is-layout-flex\">\n\n\n\n<figcaption class=\"blocks-gallery-caption wp-element-caption\">Kuvia tutkinnon tekemisest\u00e4 voi lis\u00e4t\u00e4 vaikkapa t\u00e4h\u00e4n tyyliin.<\/figcaption><\/figure>\n\n\n\n<div class=\"wp-block-cover alignfull is-light\" style=\"min-height:50px;aspect-ratio:unset;\"><span aria-hidden=\"true\" class=\"wp-block-cover__background has-light-blue-background-color has-background-dim-100 has-background-dim\"><\/span><div class=\"wp-block-cover__inner-container is-layout-constrained wp-block-cover-is-layout-constrained\">\n<h2 class=\"wp-block-heading\">Hae opiskelemaan X-alalle!<\/h2>\n\n\n\n<div class=\"wp-block-buttons is-layout-flex wp-block-buttons-is-layout-flex\">\n<div class=\"wp-block-button\"><a class=\"wp-block-button__link wp-element-button\">Hae opintopolussa (lis\u00e4\u00e4 linkki t\u00e4h\u00e4n)<\/a><\/div>\n<\/div>\n<\/div><\/div>\n\n\n\n<h2 class=\"wp-block-heading alignwide\" style=\"margin-bottom:var(--wp--preset--spacing--70)\">X-alan opiskelijatarinoita (vaihda otsikko ja valitse tarinat)<\/h2>\n\n\n\n<section id=\"content-liftup-block_ceb29a6403a101b820a5768a070f6c3a\" class=\"content-liftup remove-margin-top\">\n  <div class=\"content-liftup__wrapper\">\n    \n<div class=\"content-liftup__card\">\n  <a href=\"https:\/\/sataedu.fi\/yhteishaku\/opiskelijatarinat\/tarjoilijaksi-valmistuneella-emmilla-on-viisi-eri-tyopaikkaa\/\" class=\"content-liftup__link\">\n    <div class=\"content-liftup__img-wrapper\">\n      <img decoding=\"async\" width=\"500\" height=\"311\" src=\"https:\/\/sataedu.fi\/yhteishaku\/wp-content\/uploads\/sites\/6\/2024\/10\/img-20231221-wa0002-3997962180-e1703232412921-500x311.webp\" class=\"content-liftup__img\" alt=\"\" loading=\"lazy\" srcset=\"https:\/\/sataedu.fi\/yhteishaku\/wp-content\/uploads\/sites\/6\/2024\/10\/img-20231221-wa0002-3997962180-e1703232412921-500x311.webp 500w, https:\/\/sataedu.fi\/yhteishaku\/wp-content\/uploads\/sites\/6\/2024\/10\/img-20231221-wa0002-3997962180-e1703232412921-600x373.webp 600w\" sizes=\"auto, (max-width: 500px) 100vw, 500px\" \/>    <\/div>\n    <h3 class=\"content-liftup__heading h5\">Tarjoilijaksi valmistuneella Emmill\u00e4 on viisi eri ty\u00f6paikkaa<\/h3>\n    <p class=\"content-liftup__meta\">\n              <span class=\"content-liftup__category\">Opiskelijatarinat<\/span>\n            <span class=\"content-liftup__date\">22.12.2023<\/span>\n    <\/p>\n    <p class=\"content-liftup__excerpt\">\nDate:&nbsp;22.12.2023Author:&nbsp;johran0&nbsp;Kommentit\n\n\n\nKokem\u00e4kel\u00e4inen&#8230;<\/p>\n    <span class=\"content-liftup__read-more btn\">Lue lis\u00e4\u00e4<\/span>\n  <\/a>\n<\/div>\n<div class=\"content-liftup__card\">\n  <a href=\"https:\/\/sataedu.fi\/yhteishaku\/opiskelijatarinat\/fannin-matka-huipulle\/\" class=\"content-liftup__link\">\n    <div class=\"content-liftup__img-wrapper\">\n      <img decoding=\"async\" width=\"500\" height=\"311\" src=\"https:\/\/sataedu.fi\/yhteishaku\/wp-content\/uploads\/sites\/6\/2024\/10\/20231002-112909-500x311.jpg\" class=\"content-liftup__img\" alt=\"\" loading=\"lazy\" srcset=\"https:\/\/sataedu.fi\/yhteishaku\/wp-content\/uploads\/sites\/6\/2024\/10\/20231002-112909-500x311.jpg 500w, https:\/\/sataedu.fi\/yhteishaku\/wp-content\/uploads\/sites\/6\/2024\/10\/20231002-112909-600x373.jpg 600w\" sizes=\"auto, (max-width: 500px) 100vw, 500px\" \/>    <\/div>\n    <h3 class=\"content-liftup__heading h5\">Fannin matka huipulle<\/h3>\n    <p class=\"content-liftup__meta\">\n              <span class=\"content-liftup__category\">Opiskelijatarinat<\/span>\n            <span class=\"content-liftup__date\">2.10.2023<\/span>\n    <\/p>\n    <p class=\"content-liftup__excerpt\">\nSataedun kokkiopiskelija Fanni Kalmi&nbsp;osallistui syyskuun lopussa&#8230;<\/p>\n    <span class=\"content-liftup__read-more btn\">Lue lis\u00e4\u00e4<\/span>\n  <\/a>\n<\/div>  <\/div>\n<\/section>","protected":false},"featured_media":0,"menu_order":0,"template":"","class_list":["post-3099","qualification","type-qualification","status-publish","hentry"],"acf":[],"_links":{"self":[{"href":"https:\/\/sataedu.fi\/yhteishaku\/wp-json\/wp\/v2\/qualification\/3099","targetHints":{"allow":["GET"]}}],"collection":[{"href":"https:\/\/sataedu.fi\/yhteishaku\/wp-json\/wp\/v2\/qualification"}],"about":[{"href":"https:\/\/sataedu.fi\/yhteishaku\/wp-json\/wp\/v2\/types\/qualification"}],"wp:attachment":[{"href":"https:\/\/sataedu.fi\/yhteishaku\/wp-json\/wp\/v2\/media?parent=3099"}],"curies":[{"name":"wp","href":"https:\/\/api.w.org\/{rel}","templated":true}]}}